{"id":2,"date":"2008-01-06T14:56:18","date_gmt":"2008-01-06T21:56:18","guid":{"rendered":""},"modified":"2019-08-09T22:06:17","modified_gmt":"2019-08-10T02:06:17","slug":"about","status":"publish","type":"page","link":"https:\/\/www.jameslynn.com\/blog\/about\/","title":{"rendered":"Sobre mi \/ About James"},"content":{"rendered":"<div id=\"attachment_576\" style=\"width: 310px\" class=\"wp-caption alignright\"><img aria-describedby=\"caption-attachment-576\" loading=\"lazy\" class=\"size-full wp-image-576 \" style=\"border: 0px; margin: 5px 15px;\" title=\"James-2012-AIM-Photo-300px\" src=\"http:\/\/www.jameslynn.com\/blog\/wp-content\/uploads\/2012\/08\/James-2012-AIM-Photo-300px.jpg\" alt=\"James Lynn\" width=\"300\" height=\"377\" \/><p id=\"caption-attachment-576\" class=\"wp-caption-text\">James Lynn<\/p><\/div>\n<div>\n<p>James Lynn\u00a0es consultor en temas de desarrollo web, contenido digital y redes sociales. Es productor del podcast P\u00e1same el micr\u00f3fono y asesor para otros podcasts en Puerto Rico. Produce para <a href=\"https:\/\/www.xlevelpr.com\" target=\"_blank\" rel=\"noopener noreferrer\">X Level Media<\/a> el programa <a href=\"http:\/\/geekytalkstech.com\" target=\"_blank\" rel=\"noopener noreferrer\">Geeky Talks<\/a>, una hora de noticias, comentarios y conversaci\u00f3n en torno a temas de tecnolog\u00eda, video juegos, aplicaciones m\u00f3viles y redes sociales, Es Editor Senior y productor de contenido y v\u00eddeo para Tecnetico.com, Es recurso de contenido de tecnolog\u00eda para <a href=\"https:\/\/www.facebook.com\/LenteViral\/\" target=\"_blank\" rel=\"noopener noreferrer\">LenteViral.com<\/a> y colabora con <a href=\"http:\/\/criticologos.com\" target=\"_blank\" rel=\"noopener noreferrer\">Critic\u00f3logos.com<\/a> escribiendo rese\u00f1as de pel\u00edculas, produciendo v\u00eddeos , manejando las redes sociales en cobertura de eventos y como consultor en estrategia web.<\/p>\n<\/div>\n<div><\/div>\n<div>\n<p>Mantiene secciones de temas de tecnolog\u00eda en los programas de televisi\u00f3n <a href=\"https:\/\/www.facebook.com\/primetimeabc\/\" target=\"_blank\" rel=\"noopener noreferrer\">Primetime de ABC 5<\/a>, <a href=\"https:\/\/www.facebook.com\/AhoraEsPR\/\" target=\"_blank\" rel=\"noopener noreferrer\">Ahora Es de Univisi\u00f3n Puerto Rico<\/a>, <a href=\"https:\/\/www.facebook.com\/aquisehabladetodo\/\" target=\"_blank\" rel=\"noopener noreferrer\">Aqu\u00ed se habla de todo<\/a> y <a href=\"https:\/\/www.facebook.com\/aquiestamoswipr\/\" target=\"_blank\" rel=\"noopener noreferrer\">Aqu\u00ed estamos<\/a> ambos transmitidos por el canal 6. Participa como recurso en los programas radiales <a href=\"https:\/\/www.facebook.com\/buenaonda1140am\/\" target=\"_blank\" rel=\"noopener noreferrer\">&#8220;Buena Onda&#8221;<\/a> \u00a0y <a href=\"https:\/\/www.facebook.com\/paquenotecuentenpr\/\" target=\"_blank\" rel=\"noopener noreferrer\">&#8220;Pa&#8217; que no te cuenten&#8221;<\/a> transmitidos semanalmente por <a href=\"https:\/\/www.facebook.com\/11QRadio\/\" target=\"_blank\" rel=\"noopener noreferrer\">11Q 1140AM<\/a>. Es parte del comit\u00e9 organizador del <a href=\"http:\/\/www.prbloggercon.com\" target=\"_blank\" rel=\"noopener noreferrer\">Puerto Rico BloggerCon<\/a>, pertenece al <a href=\"https:\/\/www.facebook.com\/PuertoRicoBroadbandTaskForce\/\" target=\"_blank\" rel=\"noopener noreferrer\">Puerto Rico Broadband Task Force<\/a> y es miembro de la junta de directores del <a href=\"https:\/\/www.isocpr.org\" target=\"_blank\" rel=\"noopener noreferrer\">cap\u00edtulo de Puerto Rico de la Internet Society<\/a>.<\/p>\n<\/div>\n<div><\/div>\n<div>\n<p>Es profesor de dise\u00f1o gr\u00e1fico, multimedios y web en la Universidad del Turabo, Universidad del Sagrado Coraz\u00f3n y la Universidad de Puerto Rico. Adem\u00e1s es Director del Departamento de Imagen y Movimiento de la Escuela de Artes Pl\u00e1sticas y Dise\u00f1o de Puerto Rico.<\/p>\n<\/div>\n<div><\/div>\n<div><\/div>\n<h3>Long bio<\/h3>\n<p>I&#8217;m a graphic designer, web designer, \u00a03D animator, photographer, videographer, multimedia artist and university professor living in San Juan, Puerto Rico.<\/p>\n<p>Soy dise\u00f1ador gr\u00e1fico, dise\u00f1ador web, animador 3D, fot\u00f3grafo, vide\u00f3grafo, artista multimedia y profesor universitario radicado en San Juan, Puerto Rico.<\/p>\n<p>Trabajo como dise\u00f1ador digital desde el 1985 y estoy creando websites desde el a\u00f1o 1995. Doy cursos de educaci\u00f3n continuada desde 1997 tocando temas de dise\u00f1o gr\u00e1fico, fotograf\u00eda digital y desarrollo de websites.<\/p>\n<p>Presido la compa\u00f1\u00eda <strong>piedra papel y tijera, Inc.<\/strong> que ofrece servicios de dise\u00f1o y desarrollo web a peque\u00f1os y medianos negocios. Adem\u00e1s damos consultor\u00edas en temas relacionados al uso de la web como herramienta de mercadeo para negocios y profesionales.<\/p>\n<p>Actualmente colaboro con el equipo de <a title=\"link a Tecnetico.com\" href=\"http:\/\/www.tecnetico.com\/\" target=\"_blank\" rel=\"noopener noreferrer\">Tecnetico.com<\/a>, el primer website noticioso\u00a0\u00a0en espa\u00f1ol\u00a0dedicado el tema de tecnolog\u00eda. Como parte de la <a title=\"Red de Educadores Puertorrique\u00f1os\" href=\"http:\/\/www.educapr.org\/profile\/JamesLynn\" target=\"_blank\" rel=\"noopener noreferrer\">Red de Educadores Puertorrique\u00f1os<\/a> me he dedicado a dar talleres sobre el uso de la tecnolog\u00eda web en la educaci\u00f3n. Estos talleres abarcan temas tales como el Podcasting, blogs, aplicaciones m\u00f3viles y el uso de las redes sociales como herramienta educativa.<\/p>\n<p>Puedes escucharme todos los viernes a las 7:00 p.m. por <a title=\"Radio Isla 1320 AM\" href=\"http:\/\/www.radioisla1320.com\/\" target=\"_blank\" rel=\"noopener noreferrer\">Radio Isla 1320 AM<\/a>\u00a0junto a <a title=\"Jeanessa Garc\u00eda - Tu Relacionista\" href=\"http:\/\/www.turelacionista.com\/\" target=\"_blank\" rel=\"noopener noreferrer\">Jeanessa Garc\u00eda<\/a> y la <a title=\"Julizzette Col\u00f3n-Bilbraut - Consulta con JCB\" href=\"http:\/\/consultaconjcb.com\/\" target=\"_blank\" rel=\"noopener noreferrer\">Lcda. Julizzette C\u00f3lon Bilbraut<\/a>, en el programa <a title=\"En vivo y online\" href=\"http:\/\/www.envivoyonline.com\/\" target=\"_blank\" rel=\"noopener noreferrer\">En vivo y online<\/a>, el primer y \u00fanico programa radial en Puerto Rico dedicado al web y las redes sociales en Puerto Rico. Los martes a las 9:00 p.m. participo como coanfitri\u00f3n de <a title=\"Canal de Youtube de Tecnetico\" href=\"http:\/\/www.youtube.com\/tecnetico\" target=\"_blank\" rel=\"noopener noreferrer\">Tecnetico en Vivo<\/a>, un programa semanal de televisi\u00f3n por web sobre tecnolog\u00eda.<\/p>\n<p>Si te interesa tomar alguno de mis talleres sobre <strong><em>C\u00f3mo crear y mantener el website de tu negocio<\/em><\/strong>, uso de las <strong><em>Redes sociales para mercadear servicios y productos<\/em><\/strong>, <strong><em>Dise\u00f1o Gr\u00e1fico para todos<\/em><\/strong> y otros llena el formulario que est\u00e1 a continuaci\u00f3n y te enviar\u00e9 los datos.<\/p>\n<h4>Puedes entrar en comunicaci\u00f3n conmigo llenando\u00a0el siguiente formulario:<\/h4>\n\n<!-- start of reCAPTCHA form -->\n<div id=\"gd_recaptcha_form\">\n<script type=\"text\/javascript\">\nvar RecaptchaOptions = {\ntheme: 'clean',\nlang: 'es'\n};\n<\/script>\n<noscript>&nbsp;<\/noscript>\n<form method=\"post\" action=\"\/blog\/wp-json\/wp\/v2\/pages\/2\">\n<fieldset class=\"recaptcha_form_fieldset\">\n<p class=\"recaptcha_form_p\">Tu Nombre:<br \/><label for=\"recaptcha_form_name\"><input type=\"text\" id=\"recaptcha_form_name\" name=\"recaptcha_form_name\" value=\"\" class=\"recaptcha_form_input\" \/><\/label><\/p>\n<p class=\"recaptcha_form_p\">Tu Direcci&oacute;n De Email:<br \/><label for=\"recaptcha_form_email\"><input type=\"text\" id=\"recaptcha_form_email\" name=\"recaptcha_form_email\" value=\"\" class=\"recaptcha_form_input\" \/><\/label><\/p>\n<p class=\"recaptcha_form_p\">Tu Mensaje:<br \/><label for=\"recaptcha_form_message\"><textarea id=\"recaptcha_form_message\" name=\"recaptcha_form_message\" rows=\"10\" cols=\"20\" class=\"recaptcha_form_textarea\"><\/textarea><\/label><\/p>\n<script type=\"text\/javascript\" src=\"https:\/\/www.google.com\/recaptcha\/api\/challenge?k=6LdhEwwAAAAAADfW7A1_SCW_Lf7NMDnzyfKa6YrA\"><\/script>\n<noscript>\n<div id=\"gatt_design_recaptcha_plugin\">\n<object data=\"https:\/\/www.google.com\/recaptcha\/api\/noscript?k=6LdhEwwAAAAAADfW7A1_SCW_Lf7NMDnzyfKa6YrA\" type=\"text\/html\" id=\"gatt_design_recaptcha_plugin_object\" class=\"recaptcha_form_captcha_box\">\n<!--[if IE]>\n<object classid=\"clsid:235336920-03F9-11CF-8FD0-00AA00686F13\" data=\"https:\/\/www.google.com\/recaptcha\/api\/noscript?k=6LdhEwwAAAAAADfW7A1_SCW_Lf7NMDnzyfKa6YrA\" type=\"text\/html\" id=\"gatt_design_recaptcha_plugin_object\" class=\"recaptcha_form_captcha_box\">\n<p>&nbsp;<\/p>\n<\/object>\n<![endif]-->\n<p>&nbsp;<\/p>\n<\/object>\n<\/div>\n<br \/>\n<textarea name=\"recaptcha_challenge_field\" rows=\"3\" cols=\"40\"><\/textarea>\n<input type=\"hidden\" name=\"recaptcha_response_field\" value=\"manual_challenge\" \/>\n<\/noscript>\n<br \/>\n<p class=\"recaptcha_form_p\"><input type=\"submit\" name=\"recaptcha_client\" value=\"Enviar\" \/><\/p>\n<\/fieldset>\n<\/form>\n<\/div>\n<!-- end of reCAPTCHA form -->\n\n","protected":false},"excerpt":{"rendered":"<p>James Lynn\u00a0es consultor en temas de desarrollo web, contenido digital y redes sociales. Es productor del podcast P\u00e1same el micr\u00f3fono y asesor para otros podcasts en<span class=\"excerpt-hellip\"> [\u2026]<\/span><\/p>\n","protected":false},"author":1,"featured_media":0,"parent":0,"menu_order":0,"comment_status":"closed","ping_status":"open","template":"","meta":{"om_disable_all_campaigns":false,"_monsterinsights_skip_tracking":false,"_monsterinsights_sitenote_active":false,"_monsterinsights_sitenote_note":"","_monsterinsights_sitenote_category":0,"spay_email":""},"aioseo_notices":[],"yoast_head":"<!-- This site is optimized with the Yoast SEO plugin v17.7.1 - https:\/\/yoast.com\/wordpress\/plugins\/seo\/ -->\n<title>Sobre mi \/ About James - James Lynn : Tecnolog\u00eda y vida digital<\/title>\n<meta name=\"robots\" content=\"index, follow, max-snippet:-1, max-image-preview:large, max-video-preview:-1\" \/>\n<link rel=\"canonical\" href=\"https:\/\/www.jameslynn.com\/blog\/about\/\" \/>\n<meta property=\"og:locale\" content=\"en_US\" \/>\n<meta property=\"og:type\" content=\"article\" \/>\n<meta property=\"og:title\" content=\"Sobre mi \/ About James - James Lynn : Tecnolog\u00eda y vida digital\" \/>\n<meta property=\"og:description\" content=\"James Lynn\u00a0es consultor en temas de desarrollo web, contenido digital y redes sociales. Es productor del podcast P\u00e1same el micr\u00f3fono y asesor para otros podcasts en [\u2026]\" \/>\n<meta property=\"og:url\" content=\"https:\/\/www.jameslynn.com\/blog\/about\/\" \/>\n<meta property=\"og:site_name\" content=\"James Lynn : Tecnolog\u00eda y vida digital\" \/>\n<meta property=\"article:modified_time\" content=\"2019-08-10T02:06:17+00:00\" \/>\n<meta property=\"og:image\" content=\"http:\/\/www.jameslynn.com\/blog\/wp-content\/uploads\/2012\/08\/James-2012-AIM-Photo-300px.jpg\" \/>\n<meta name=\"twitter:label1\" content=\"Est. reading time\" \/>\n\t<meta name=\"twitter:data1\" content=\"3 minutes\" \/>\n<script type=\"application\/ld+json\" class=\"yoast-schema-graph\">{\"@context\":\"https:\/\/schema.org\",\"@graph\":[{\"@type\":\"WebSite\",\"@id\":\"https:\/\/www.jameslynn.com\/blog\/#website\",\"url\":\"https:\/\/www.jameslynn.com\/blog\/\",\"name\":\"James Lynn : Tecnolog\\u00eda y vida digital\",\"description\":\"Tecnolog\\u00eda y vida digital\",\"potentialAction\":[{\"@type\":\"SearchAction\",\"target\":{\"@type\":\"EntryPoint\",\"urlTemplate\":\"https:\/\/www.jameslynn.com\/blog\/?s={search_term_string}\"},\"query-input\":\"required name=search_term_string\"}],\"inLanguage\":\"en-US\"},{\"@type\":\"ImageObject\",\"@id\":\"https:\/\/www.jameslynn.com\/blog\/about\/#primaryimage\",\"inLanguage\":\"en-US\",\"url\":\"http:\/\/www.jameslynn.com\/blog\/wp-content\/uploads\/2012\/08\/James-2012-AIM-Photo-300px.jpg\",\"contentUrl\":\"http:\/\/www.jameslynn.com\/blog\/wp-content\/uploads\/2012\/08\/James-2012-AIM-Photo-300px.jpg\"},{\"@type\":\"WebPage\",\"@id\":\"https:\/\/www.jameslynn.com\/blog\/about\/#webpage\",\"url\":\"https:\/\/www.jameslynn.com\/blog\/about\/\",\"name\":\"Sobre mi \/ About James - James Lynn : Tecnolog\\u00eda y vida digital\",\"isPartOf\":{\"@id\":\"https:\/\/www.jameslynn.com\/blog\/#website\"},\"primaryImageOfPage\":{\"@id\":\"https:\/\/www.jameslynn.com\/blog\/about\/#primaryimage\"},\"datePublished\":\"2008-01-06T21:56:18+00:00\",\"dateModified\":\"2019-08-10T02:06:17+00:00\",\"breadcrumb\":{\"@id\":\"https:\/\/www.jameslynn.com\/blog\/about\/#breadcrumb\"},\"inLanguage\":\"en-US\",\"potentialAction\":[{\"@type\":\"ReadAction\",\"target\":[\"https:\/\/www.jameslynn.com\/blog\/about\/\"]}]},{\"@type\":\"BreadcrumbList\",\"@id\":\"https:\/\/www.jameslynn.com\/blog\/about\/#breadcrumb\",\"itemListElement\":[{\"@type\":\"ListItem\",\"position\":1,\"name\":\"Home\",\"item\":\"https:\/\/www.jameslynn.com\/blog\/\"},{\"@type\":\"ListItem\",\"position\":2,\"name\":\"Sobre mi \/ About James\"}]}]}<\/script>\n<!-- \/ Yoast SEO plugin. -->","yoast_head_json":{"title":"Sobre mi \/ About James - James Lynn : Tecnolog\u00eda y vida digital","robots":{"index":"index","follow":"follow","max-snippet":"max-snippet:-1","max-image-preview":"max-image-preview:large","max-video-preview":"max-video-preview:-1"},"canonical":"https:\/\/www.jameslynn.com\/blog\/about\/","og_locale":"en_US","og_type":"article","og_title":"Sobre mi \/ About James - James Lynn : Tecnolog\u00eda y vida digital","og_description":"James Lynn\u00a0es consultor en temas de desarrollo web, contenido digital y redes sociales. Es productor del podcast P\u00e1same el micr\u00f3fono y asesor para otros podcasts en [\u2026]","og_url":"https:\/\/www.jameslynn.com\/blog\/about\/","og_site_name":"James Lynn : Tecnolog\u00eda y vida digital","article_modified_time":"2019-08-10T02:06:17+00:00","og_image":[{"url":"http:\/\/www.jameslynn.com\/blog\/wp-content\/uploads\/2012\/08\/James-2012-AIM-Photo-300px.jpg"}],"twitter_misc":{"Est. reading time":"3 minutes"},"schema":{"@context":"https:\/\/schema.org","@graph":[{"@type":"WebSite","@id":"https:\/\/www.jameslynn.com\/blog\/#website","url":"https:\/\/www.jameslynn.com\/blog\/","name":"James Lynn : Tecnolog\u00eda y vida digital","description":"Tecnolog\u00eda y vida digital","potentialAction":[{"@type":"SearchAction","target":{"@type":"EntryPoint","urlTemplate":"https:\/\/www.jameslynn.com\/blog\/?s={search_term_string}"},"query-input":"required name=search_term_string"}],"inLanguage":"en-US"},{"@type":"ImageObject","@id":"https:\/\/www.jameslynn.com\/blog\/about\/#primaryimage","inLanguage":"en-US","url":"http:\/\/www.jameslynn.com\/blog\/wp-content\/uploads\/2012\/08\/James-2012-AIM-Photo-300px.jpg","contentUrl":"http:\/\/www.jameslynn.com\/blog\/wp-content\/uploads\/2012\/08\/James-2012-AIM-Photo-300px.jpg"},{"@type":"WebPage","@id":"https:\/\/www.jameslynn.com\/blog\/about\/#webpage","url":"https:\/\/www.jameslynn.com\/blog\/about\/","name":"Sobre mi \/ About James - James Lynn : Tecnolog\u00eda y vida digital","isPartOf":{"@id":"https:\/\/www.jameslynn.com\/blog\/#website"},"primaryImageOfPage":{"@id":"https:\/\/www.jameslynn.com\/blog\/about\/#primaryimage"},"datePublished":"2008-01-06T21:56:18+00:00","dateModified":"2019-08-10T02:06:17+00:00","breadcrumb":{"@id":"https:\/\/www.jameslynn.com\/blog\/about\/#breadcrumb"},"inLanguage":"en-US","potentialAction":[{"@type":"ReadAction","target":["https:\/\/www.jameslynn.com\/blog\/about\/"]}]},{"@type":"BreadcrumbList","@id":"https:\/\/www.jameslynn.com\/blog\/about\/#breadcrumb","itemListElement":[{"@type":"ListItem","position":1,"name":"Home","item":"https:\/\/www.jameslynn.com\/blog\/"},{"@type":"ListItem","position":2,"name":"Sobre mi \/ About James"}]}]}},"jetpack_shortlink":"https:\/\/wp.me\/P2kNF7-2","_links":{"self":[{"href":"https:\/\/www.jameslynn.com\/blog\/wp-json\/wp\/v2\/pages\/2"}],"collection":[{"href":"https:\/\/www.jameslynn.com\/blog\/wp-json\/wp\/v2\/pages"}],"about":[{"href":"https:\/\/www.jameslynn.com\/blog\/wp-json\/wp\/v2\/types\/page"}],"author":[{"embeddable":true,"href":"https:\/\/www.jameslynn.com\/blog\/wp-json\/wp\/v2\/users\/1"}],"replies":[{"embeddable":true,"href":"https:\/\/www.jameslynn.com\/blog\/wp-json\/wp\/v2\/comments?post=2"}],"version-history":[{"count":44,"href":"https:\/\/www.jameslynn.com\/blog\/wp-json\/wp\/v2\/pages\/2\/revisions"}],"predecessor-version":[{"id":878,"href":"https:\/\/www.jameslynn.com\/blog\/wp-json\/wp\/v2\/pages\/2\/revisions\/878"}],"wp:attachment":[{"href":"https:\/\/www.jameslynn.com\/blog\/wp-json\/wp\/v2\/media?parent=2"}],"curies":[{"name":"wp","href":"https:\/\/api.w.org\/{rel}","templated":true}]}}